{"id":291,"date":"2015-02-07T17:56:15","date_gmt":"2015-02-07T15:56:15","guid":{"rendered":"http:\/\/mzh-muenster.de\/?page_id=291"},"modified":"2025-04-01T18:29:01","modified_gmt":"2025-04-01T16:29:01","slug":"willkommen","status":"publish","type":"page","link":"https:\/\/mzh-muenster.de\/","title":{"rendered":"Aktuelles"},"content":{"rendered":"<p><strong>Einladung zur Jahreshauptversammlung F\u00f6rderverein Turnverein M\u00fcnster 1902 e.V.<\/strong><\/p>\n<p><strong>Freitag, 25. April 2025 &#8211; Ort: Mehrzweckhalle M\u00fcnster &#8211; Beginn: 19:00 Uhr<\/strong><\/p>\n<p>Tagesordnung:<\/p>\n<ol>\n<li>Begr\u00fc\u00dfung<\/li>\n<li>Feststellung der ordnungsgem\u00e4\u00dfen Einberufung und Beschlussf\u00e4higkeit<\/li>\n<li>Einw\u00e4nde gegen die Tagesordnung<\/li>\n<li>Bericht des 1. Vorsitzenden<\/li>\n<li>Kassenbericht<\/li>\n<li>Bericht der Kassenpr\u00fcfer<\/li>\n<li>Aussprache zu den Berichten<\/li>\n<li>Entlastung des Vorstandes<\/li>\n<li>Neuwahl des Vorstandes&nbsp;&nbsp;<\/li>\n<li>Vorsitzender<\/li>\n<li>Schriftf\u00fchrer<\/li>\n<li>Schatzmeister<\/li>\n<li>1 Beisitzer<\/li>\n<\/ol>\n<ol>\n<li>Wahl eines Kassenpr\u00fcfers&nbsp;&nbsp;&nbsp;&nbsp;&nbsp;&nbsp;&nbsp;&nbsp;&nbsp;&nbsp;&nbsp;&nbsp;&nbsp;&nbsp;&nbsp;&nbsp;&nbsp;&nbsp;&nbsp;&nbsp;&nbsp;&nbsp;&nbsp;&nbsp;&nbsp;&nbsp;&nbsp;&nbsp;&nbsp;&nbsp;&nbsp;&nbsp;&nbsp;<\/li>\n<li>Verschiedenes<\/li>\n<\/ol>\n<p>Antr\u00e4ge zur Mitgliederversammlung m\u00fcssen sp\u00e4testens 10 Tage vor der Versammlung schriftlich beim Vorstand eingereicht werden.<\/p>\n<p>Mitglieder des Turnvereins M\u00fcnster 1902 e.V. sind gerne gesehen. Sie haben aber kein Stimmrecht.<\/p>\n<p>Der Vorstand<br \/>\nF\u00f6rderverein Turnverein M\u00fcnster 1902 e.V.<\/p>\n<p><strong>Jahreshauptversammlung 2024<\/strong><\/p>\n<p><strong>Der neue Vorstand<\/strong><\/p>\n<p>Bei der Jahreshauptversammlung des F\u00f6rdervereins Turnverein M\u00fcnster wurde ein neuer Vorstand gew\u00e4hlt.<br \/>\nR\u00fcdiger Urbanke hat nach 11 Jahren das Amt des 2. Vorsitzenden an Thomas Sieber \u00fcbergeben.<br \/>\nBest\u00e4tigt wurde der alte und neue Schatzmeister Julian J\u00f6ckel. Sein Stellvertreter bleibt Patrick Hofmann. Sabine Eufinger fungiert nun als neue Kassenpr\u00fcferin.<br \/>\nNeue Beisitzerin wurde Sabrina Schostak.<br \/>\nFlorian Hautzel hat das Amt des 2. Schriftf\u00fchrers \u00fcbernommen.<br \/>\nDer F\u00f6rderverein unterst\u00fctzt den Turnverein M\u00fcnster bei seinen vielf\u00e4ltigen Aufgaben.<br \/>\nDer Verein freut sich immer wieder \u00fcber neue Mitglieder oder \u00fcber Spenden.<\/p>\n<p>N\u00e4heres unter <a href=\"http:\/\/www.mzh-muenster.de\/\">www.mzh-muenster.de<\/a>.<\/p>\n<p><a href=\"https:\/\/computerservicevetter.de\/verein\/wp-content\/uploads\/2024\/06\/Vorstand-2024.jpg\"><img loading=\"lazy\" decoding=\"async\" class=\"alignnone wp-image-2085\" src=\"https:\/\/computerservicevetter.de\/verein\/wp-content\/uploads\/2024\/06\/Vorstand-2024-300x225.jpg\" alt=\"\" width=\"495\" height=\"371\" srcset=\"https:\/\/computerservicevetter.de\/verein\/wp-content\/uploads\/2024\/06\/Vorstand-2024-300x225.jpg 300w, https:\/\/computerservicevetter.de\/verein\/wp-content\/uploads\/2024\/06\/Vorstand-2024-1024x768.jpg 1024w, https:\/\/computerservicevetter.de\/verein\/wp-content\/uploads\/2024\/06\/Vorstand-2024-768x576.jpg 768w, https:\/\/computerservicevetter.de\/verein\/wp-content\/uploads\/2024\/06\/Vorstand-2024-1536x1152.jpg 1536w, https:\/\/computerservicevetter.de\/verein\/wp-content\/uploads\/2024\/06\/Vorstand-2024.jpg 2048w\" sizes=\"auto, (max-width: 495px) 100vw, 495px\" \/><\/a><\/p>\n<p>Der Vorstand v.l.: Dominik Vetter, Thomas Sieber, Julian J\u00f6ckel, Daniel Hautzel, Patrik Hofmann, Bernd Wollmann, Sabrina Schostak, R\u00fcdiger Urbanke, Sabine Eufinger, Klaus Huttny<br \/>\nEs fehlen: Michael Ebel und Florian Hautzel<\/p>\n<p><strong>Einladung zur Jahreshauptversammlung F\u00f6rderverein Turnverein M\u00fcnster 1902 e.V.<\/strong><\/p>\n<p><strong>Freitag, 19.April 2024 &#8211; Ort: Mehrzweckhalle M\u00fcnster &#8211; Beginn: 19:00 Uhr<\/strong><\/p>\n<p>Tagesordnung:<\/p>\n<p>1. Begr\u00fc\u00dfung<br \/>\n2. Feststellung der ordnungsgem\u00e4\u00dfen Einberufung und Beschlussf\u00e4higkeit<br \/>\n3. Einw\u00e4nde gegen die Tagesordnung<br \/>\n4. Bericht des 1. Vorsitzenden<br \/>\n5. Kassenbericht<br \/>\n6. Bericht der Kassenpr\u00fcfer<br \/>\n7. Aussprache zu den Berichten<br \/>\n8. Entlastung des Vorstandes<br \/>\n9. Neuwahl des Vorstandes<br \/>\na. 2. Vorsitzender<br \/>\nb. 2. Schriftf\u00fchrer<br \/>\nc. Schatzmeister<br \/>\nd. 2 Beisitzer<br \/>\n10. Wahl eines Kassenpr\u00fcfers<br \/>\n11. Verschiedenes<\/p>\n<p>Antr\u00e4ge zur Mitgliederversammlung m\u00fcssen sp\u00e4testens 10 Tage vor der Versammlung schriftlich beim Vorstand eingereicht werden.<\/p>\n<p>Mitglieder des Turnvereins M\u00fcnster 1902 e.V. sind gerne gesehen. Sie haben aber kein Stimmrecht.<\/p>\n<p>Der Vorstand<br \/>\nF\u00f6rderverein Turnverein M\u00fcnster 1902 e.V.<\/p>\n<p style=\"margin-bottom: 0cm; text-align: left;\" align=\"center\"><strong>Jahreshauptversammlung 2023<\/strong><\/p>\n<p style=\"text-align: left;\" align=\"center\"><strong>Daniel Hautzel folgt auf Bernd Wollmann<\/strong><\/p>\n<p style=\"text-align: left;\" align=\"center\">Bei der diesj\u00e4hrigen Versammlung am 28.04.23 wurde ein neuer Vorstand gew\u00e4hlt.<\/p>\n<p>Neuer 1. Vorsitzender wurde Daniel Hautzel. R\u00fcdiger Urbanke bleibt 2. Vorsitzender.<\/p>\n<p>Bernd Wollmann wird dem Verein erhalten bleiben und \u00fcbernimmt den Posten des Beisitzers.<\/p>\n<p>Zum neuen Schatzmeister wurde Julian J\u00f6ckel gew\u00e4hlt. Sein Stellvertreter bleibt Patrick Hofmann. Volker Weiner fungiert als neuer Kassenpr\u00fcfer.<\/p>\n<p>Die Beisitzer Klaus Huttny und Michael Ebel sowie der Kassenpr\u00fcfer J\u00fcrgen Klefenz bleiben noch 1 Jahr im Amt.<\/p>\n<p>Der F\u00f6rderverein unterst\u00fctzt den Turnverein M\u00fcnster bei seinen vielf\u00e4ltigen Aufgaben.<\/p>\n<p>Der Verein freut sich immer wieder \u00fcber neue Mitglieder oder \u00fcber Spenden.<\/p>\n<p align=\"center\"><a href=\"https:\/\/computerservicevetter.de\/verein\/wp-content\/uploads\/2023\/05\/Vorstand-Foto.png\"><img loading=\"lazy\" decoding=\"async\" class=\" wp-image-2044 alignleft\" src=\"https:\/\/computerservicevetter.de\/verein\/wp-content\/uploads\/2023\/05\/Vorstand-Foto-300x190.png\" alt=\"\" width=\"567\" height=\"359\" srcset=\"https:\/\/computerservicevetter.de\/verein\/wp-content\/uploads\/2023\/05\/Vorstand-Foto-300x190.png 300w, https:\/\/computerservicevetter.de\/verein\/wp-content\/uploads\/2023\/05\/Vorstand-Foto.png 738w\" sizes=\"auto, (max-width: 567px) 100vw, 567px\" \/><\/a><\/p>\n<p>&nbsp;<\/p>\n<p>&nbsp;<\/p>\n<p>&nbsp;<\/p>\n<p>&nbsp;<\/p>\n<p>&nbsp;<\/p>\n<p>&nbsp;<\/p>\n<p>&nbsp;<\/p>\n<p>&nbsp;<\/p>\n<p>&nbsp;<\/p>\n<p>&nbsp;<\/p>\n<p>Der Vorstand v.l.:<br \/>\nDaniel Hautzel, Patrik Hofmann, J\u00fcrgen Klefenz, Dominik Vetter, Julian J\u00f6ckel, Bernd Wollmann, Sabine Eufinger, Klaus Huttny<\/p>\n<p><strong><br \/>\nEinladung zur Jahreshauptversammlung <\/strong><strong>F\u00f6rderverein Turnverein M\u00fcnster 1902 e.V.<\/strong><\/p>\n<p><strong>Freitag, 28.04.2023 &#8211; <\/strong><strong>Ort: Mehrzweckhalle M\u00fcnster &#8211; <\/strong><strong>Beginn: 19:00 Uhr<\/strong><\/p>\n<p>Tagesordnung<\/p>\n<ol>\n<li>Begr\u00fc\u00dfung<\/li>\n<li>Feststellung der ordnungsgem\u00e4\u00dfen Einberufung und Beschlussf\u00e4higkeit<\/li>\n<li>Einw\u00e4nde gegen die Tagesordnung<\/li>\n<li>Bericht des 1. Vorsitzenden<\/li>\n<li>Kassenbericht<\/li>\n<li>Bericht der Kassenpr\u00fcfer<\/li>\n<li>Aussprache zu den Berichten<\/li>\n<li>Entlastung des Vorstandes<\/li>\n<li>Neuwahl des Vorstandes<br \/>\na. 1. Vorsitzender<br \/>\nb. 1. Schriftf\u00fchrer<br \/>\nc. Schatzmeister<br \/>\nd. Stellvert. Schatzmeister<br \/>\ne. 2 Beisitzer<\/li>\n<li>Wahl der Kassenpr\u00fcfer<\/li>\n<li>Verschiedenes<\/li>\n<\/ol>\n<p>Antr\u00e4ge zur Mitgliederversammlung m\u00fcssen sp\u00e4testens 10 Tage vor der Versammlung schriftlich beim Vorstand eingereicht werden.<\/p>\n<p>Mitglieder des Turnvereins M\u00fcnster 1902 e.V. sind gerne gesehen. Sie haben aber kein Stimmrecht.<\/p>\n<p>Der Vorstand<\/p>\n<p><strong>Einladung zur Jahreshauptversammlung <\/strong><strong>F\u00f6rderverein Turnverein M\u00fcnster 1902 e.V.<\/strong><\/p>\n<p><strong>Freitag, 20.05.2022 &#8211; <\/strong><strong>Ort: Mehrzweckhalle M\u00fcnster &#8211; <\/strong><strong>Beginn: 19:00 Uhr<\/strong><\/p>\n<p>Tagesordnung<\/p>\n<ol>\n<li>Begr\u00fc\u00dfung<\/li>\n<li>Feststellung der ordnungsgem\u00e4\u00dfen Einberufung und Beschlussf\u00e4higkeit<\/li>\n<li>Genehmigung der Tagesordnung<\/li>\n<li>Bericht des 1.Vorsitzenden<\/li>\n<li>Kassenbericht<\/li>\n<li>Bericht der Kassenpr\u00fcfer<\/li>\n<li>Aussprache zu den Berichten<\/li>\n<li>Entlastung des Vorstandes<\/li>\n<li>Neuwahl des Vorstandes<br \/>\na. 2.Vorsitzender<br \/>\nb. stellvertretender Schriftf\u00fchrer<br \/>\nc. Schatzmeister<br \/>\nd. Beisitzer<\/li>\n<li>Wahl der Kassenpr\u00fcfer<\/li>\n<li>Verschiedenes<\/li>\n<\/ol>\n<p>Antr\u00e4ge zur Mitgliederversammlung m\u00fcssen sp\u00e4testens 10 Tage vor der Versammlung schriftlich beim Vorstand eingereicht werden.<\/p>\n<p>Mitglieder des Turnvereins M\u00fcnster 1902 e.V. sind gerne gesehen. Sie haben aber kein Stimmrecht.<\/p>\n<p><strong>Einladung zur Jahreshauptversammlung <\/strong><strong>F\u00f6rderverein Turnverein M\u00fcnster 1902 e.V.<\/strong><\/p>\n<p><strong>Freitag, 27.08.2021 &#8211; <\/strong><strong>Ort: Mehrzweckhalle M\u00fcnster &#8211; <\/strong><strong>Beginn: 19:00 Uhr<\/strong><\/p>\n<p>Tagesordnung:<\/p>\n<ol>\n<li>Begr\u00fc\u00dfung<\/li>\n<li>Feststellung der ordnungsgem\u00e4\u00dfen Einberufung und Beschlussf\u00e4higkeit<\/li>\n<li>Genehmigung der Tagesordnung<\/li>\n<li>Bericht des 1. Vorsitzenden<\/li>\n<li>Kassenbericht<\/li>\n<li>Bericht der Kassenpr\u00fcfer<\/li>\n<li>Aussprache zu den Berichten<\/li>\n<li>Entlastung des Vorstandes<\/li>\n<li>Wahl eines Wahlleiters<\/li>\n<li>Neuwahl des Vorstandes<br \/>\na. 1. Vorsitzender<br \/>\nb. Schriftf\u00fchrer<br \/>\nc. stellvertretender Schatzmeister<br \/>\nd. Beisitzer<\/li>\n<li>Wahl eines Kassenpr\u00fcfers<\/li>\n<li>Verschiedenes<\/li>\n<\/ol>\n<p>Antr\u00e4ge zur Mitgliederversammlung m\u00fcssen sp\u00e4testens 10 Tage vor der Versammlung schriftlich beim Vorstand eingereicht werden.<\/p>\n<p>Mitglieder des Turnvereins M\u00fcnster 1902 e.V. sind gerne gesehen. Sie haben aber kein Stimmrecht.&nbsp;&nbsp;&nbsp;&nbsp;&nbsp;&nbsp;<\/p>\n<p>Der Vorstand<\/p>\n<p><strong>Malerarbeiten an den Schwingtoren<\/strong><\/p>\n<p><span style=\"font-family: 'Arial',sans-serif;\">Auf Vorschlag der Tischtennisspieler des TV wurden am 10.02.2021 die wei\u00dfen Schwingtore zum Stuhllager in der Wandfarbe gestrichen. <\/span><\/p>\n<p><a href=\"https:\/\/computerservicevetter.de\/verein\/wp-content\/uploads\/2021\/02\/Malerarbeiten_Schwingtor_1.png\"><img loading=\"lazy\" decoding=\"async\" class=\"alignnone size-medium wp-image-1933\" src=\"https:\/\/computerservicevetter.de\/verein\/wp-content\/uploads\/2021\/02\/Malerarbeiten_Schwingtor_1-300x245.png\" alt=\"\" width=\"300\" height=\"245\" srcset=\"https:\/\/computerservicevetter.de\/verein\/wp-content\/uploads\/2021\/02\/Malerarbeiten_Schwingtor_1-300x245.png 300w, https:\/\/computerservicevetter.de\/verein\/wp-content\/uploads\/2021\/02\/Malerarbeiten_Schwingtor_1.png 746w\" sizes=\"auto, (max-width: 300px) 100vw, 300px\" \/><\/a> <a href=\"https:\/\/computerservicevetter.de\/verein\/wp-content\/uploads\/2021\/02\/Malerarbeiten_Schwingtor_2.png\"><img loading=\"lazy\" decoding=\"async\" class=\"alignnone size-medium wp-image-1934\" src=\"https:\/\/computerservicevetter.de\/verein\/wp-content\/uploads\/2021\/02\/Malerarbeiten_Schwingtor_2-300x248.png\" alt=\"\" width=\"300\" height=\"248\" srcset=\"https:\/\/computerservicevetter.de\/verein\/wp-content\/uploads\/2021\/02\/Malerarbeiten_Schwingtor_2-300x248.png 300w, https:\/\/computerservicevetter.de\/verein\/wp-content\/uploads\/2021\/02\/Malerarbeiten_Schwingtor_2.png 745w\" sizes=\"auto, (max-width: 300px) 100vw, 300px\" \/><\/a><a href=\"https:\/\/computerservicevetter.de\/verein\/wp-content\/uploads\/2021\/02\/Malerarbeiten_Schwingtor_3.jpg\"><img loading=\"lazy\" decoding=\"async\" class=\"alignnone wp-image-1947\" src=\"https:\/\/computerservicevetter.de\/verein\/wp-content\/uploads\/2021\/02\/Malerarbeiten_Schwingtor_3-225x300.jpg\" alt=\"\" width=\"186\" height=\"248\" srcset=\"https:\/\/computerservicevetter.de\/verein\/wp-content\/uploads\/2021\/02\/Malerarbeiten_Schwingtor_3-225x300.jpg 225w, https:\/\/computerservicevetter.de\/verein\/wp-content\/uploads\/2021\/02\/Malerarbeiten_Schwingtor_3-768x1024.jpg 768w, https:\/\/computerservicevetter.de\/verein\/wp-content\/uploads\/2021\/02\/Malerarbeiten_Schwingtor_3-1152x1536.jpg 1152w, https:\/\/computerservicevetter.de\/verein\/wp-content\/uploads\/2021\/02\/Malerarbeiten_Schwingtor_3.jpg 1200w\" sizes=\"auto, (max-width: 186px) 100vw, 186px\" \/><\/a><\/p>\n<p><b>Einladung zur Jahreshauptversammlung f\u00fcr Freitag am 28.08.2020 um 19 Uhr in der Mehrzweckhalle M\u00fcnster<br \/>\n<\/b><\/p>\n<p>Tagesordnung:<\/p>\n<ol>\n<li>Begr\u00fc\u00dfung<\/li>\n<li>Feststellung der ordnungsgem\u00e4\u00dfen Einberufung und Beschlussf\u00e4higkeit<\/li>\n<li>Genehmigung der Tagesordnung<\/li>\n<li>Bericht des 1. Vorsitzenden<\/li>\n<li>Kassenbericht<\/li>\n<li>Bericht der Kassenpr\u00fcfer<\/li>\n<li>Aussprache zu den Berichten<\/li>\n<li>Entlastung des Vorstandes<\/li>\n<li>Wahl eines Wahlleiters<\/li>\n<li>Neuwahl des Vorstandes<\/li>\n<li>2. Vorsitzender&nbsp;<\/li>\n<li>stellvertretender Schriftf\u00fchrer&nbsp;<\/li>\n<li>Schatzmeister&nbsp;<\/li>\n<li>Beisitzer<strong><br \/>\n<\/strong><\/li>\n<\/ol>\n<ol>\n<li>Wahl der Kassenpr\u00fcfer<strong>&nbsp;<br \/>\n<\/strong><\/li>\n<li>Verschiedenes<\/li>\n<\/ol>\n<p>&nbsp;<\/p>\n<p><strong>F\u00f6rderbescheid Starkes Dorf-Wir machen mit \u00fcbergeben<\/strong><\/p>\n<p>Am 14.01.2020 \u00fcbergab der Regionalbeauftragte der Landesregierung und der Akademie f\u00fcr den l\u00e4ndlichen Raum Herr Thomas Zebunke dem F\u00f6rderverein TV einen F\u00f6rderbescheid in H\u00f6he von EUR 4.884,00.<\/p>\n<p>Vorausgegangen war ein Antrag des Vereins zu dem Landesprogramm \u201eStarkes Dorf-Wir machen mit, Land hat Zukunft-Heimat Hessen\u201c.<\/p>\n<p>Gef\u00f6rdert wurde das Projekt \u201eVerbesserung der Akustik\u201c im Speisesaal der Mehrzweckhalle.<\/p>\n<p>Es konnten neue Vorh\u00e4nge angeschafft werden. Ferner wurden spezielle Schaumplatten an der Decke zur Minderung der Lautst\u00e4rke angebracht.<\/p>\n<p>Wir bedanken uns f\u00fcr die tolle Unterst\u00fctzung des Landes Hessen.<\/p>\n<p><a href=\"https:\/\/computerservicevetter.de\/verein\/wp-content\/uploads\/2020\/01\/F\u00f6rderbescheid-Decke-Vorh\u00e4nge.png\"><img loading=\"lazy\" decoding=\"async\" class=\"alignnone size-medium wp-image-1905\" src=\"https:\/\/computerservicevetter.de\/verein\/wp-content\/uploads\/2020\/01\/F\u00f6rderbescheid-Decke-Vorh\u00e4nge-300x225.png\" alt=\"\" width=\"300\" height=\"225\" srcset=\"https:\/\/computerservicevetter.de\/verein\/wp-content\/uploads\/2020\/01\/F\u00f6rderbescheid-Decke-Vorh\u00e4nge-300x225.png 300w, https:\/\/computerservicevetter.de\/verein\/wp-content\/uploads\/2020\/01\/F\u00f6rderbescheid-Decke-Vorh\u00e4nge-768x576.png 768w, https:\/\/computerservicevetter.de\/verein\/wp-content\/uploads\/2020\/01\/F\u00f6rderbescheid-Decke-Vorh\u00e4nge.png 796w\" sizes=\"auto, (max-width: 300px) 100vw, 300px\" \/><\/a><\/p>\n<p>&nbsp;<\/p>\n<h6>V.l. J\u00fcrgen Klefenz, Manuela Meuth, Sabine Eufinger, Doris Dietrich, Volker Weiner, Virginie Sandner, Bernd Hartmann, Bernd Wollmann, Ralf Sandner, Thomas Zebunke, Anne Kniesner, Klaus Huttny<\/h6>\n<p><strong>Neue Sitzgruppe an der MZH<\/strong><\/p>\n<p>Am 10.07.2019<b> <\/b>erhielten wir \u00fcber das F\u00f6rderprogramm des Landes Hessen &#8222;Starkes Dorf-Wir machen mit&#8220; einen F\u00f6rderbescheid f\u00fcr eine Sitzgruppe und einen Bistroschirm.<\/p>\n<p>Wir freuen uns, dass die Sitzgruppe endlich geliefert werden konnte.<\/p>\n<p>Dadurch wird der Platz hinter der Mehrzweckhalle weiter aufgewertet. Dies ist insbesondere f\u00fcr Vermietungen interessant. Dazu tragen auch der neu gestaltete Spielplatz und die Ger\u00e4te auf dem Platz davor bei.<\/p>\n<p><a href=\"http:\/\/computerservicevetter.de\/verein\/wp-content\/uploads\/2019\/08\/1.png\"><img loading=\"lazy\" decoding=\"async\" class=\"alignnone size-medium wp-image-1611\" src=\"http:\/\/computerservicevetter.de\/verein\/wp-content\/uploads\/2019\/08\/1-300x153.png\" alt=\"\" width=\"300\" height=\"153\" srcset=\"https:\/\/computerservicevetter.de\/verein\/wp-content\/uploads\/2019\/08\/1-300x153.png 300w, https:\/\/computerservicevetter.de\/verein\/wp-content\/uploads\/2019\/08\/1-768x393.png 768w, https:\/\/computerservicevetter.de\/verein\/wp-content\/uploads\/2019\/08\/1.png 903w\" sizes=\"auto, (max-width: 300px) 100vw, 300px\" \/><\/a><\/p>\n<p><b>\u00dcbergabe F\u00f6rderbescheid &#8222;Starkes Dorf&#8220; Land hat Zukunft<\/b><\/p>\n<p>Am 10.07.2019 \u00fcberreichte die Staatssekret\u00e4rin im Hess. Ministerium f\u00fcr Wirtschaft und Kunst Frau Ayse Asar einen F\u00f6rderbescheid an unseren 1. Vorsitzenden Stefan Giebl.<\/p>\n<p>Der TV hatte sich \u00fcber das F\u00f6rderprogramm \u201eStarkes Dorf \u2013 Wir machen mit\u201c des Landes Hessen beworben.<\/p>\n<p>Damit die Fl\u00e4che hinter der Mehrzweckhalle in Zukunft noch besser genutzt werden kann wurde uns die Anschaffung von 2 B\u00e4nken incl. Tisch aus Recyclingmaterial genehmigt. Ferner darf sich der TV \u00fcber einen gro\u00dfen Gastroschirm freuen.<\/p>\n<p><a href=\"https:\/\/computerservicevetter.de\/verein\/wp-content\/uploads\/2020\/01\/neue-Sitzgruppe2.png\"><img loading=\"lazy\" decoding=\"async\" class=\"alignnone size-medium wp-image-1906\" src=\"https:\/\/computerservicevetter.de\/verein\/wp-content\/uploads\/2020\/01\/neue-Sitzgruppe2-300x225.png\" alt=\"\" width=\"300\" height=\"225\" srcset=\"https:\/\/computerservicevetter.de\/verein\/wp-content\/uploads\/2020\/01\/neue-Sitzgruppe2-300x225.png 300w, https:\/\/computerservicevetter.de\/verein\/wp-content\/uploads\/2020\/01\/neue-Sitzgruppe2-768x576.png 768w, https:\/\/computerservicevetter.de\/verein\/wp-content\/uploads\/2020\/01\/neue-Sitzgruppe2.png 780w\" sizes=\"auto, (max-width: 300px) 100vw, 300px\" \/><\/a><\/p>\n<p>______________________________________________________________<\/p>\n<p><a href=\"http:\/\/computerservicevetter.de\/verein\/wp-content\/uploads\/2019\/03\/DSCN1318-2.jpg\"><img loading=\"lazy\" decoding=\"async\" class=\"alignnone wp-image-1566\" src=\"http:\/\/computerservicevetter.de\/verein\/wp-content\/uploads\/2019\/03\/DSCN1318-2-300x168.jpg\" alt=\"\" width=\"387\" height=\"217\" srcset=\"https:\/\/computerservicevetter.de\/verein\/wp-content\/uploads\/2019\/03\/DSCN1318-2-300x168.jpg 300w, https:\/\/computerservicevetter.de\/verein\/wp-content\/uploads\/2019\/03\/DSCN1318-2-768x431.jpg 768w, https:\/\/computerservicevetter.de\/verein\/wp-content\/uploads\/2019\/03\/DSCN1318-2-1024x575.jpg 1024w\" sizes=\"auto, (max-width: 387px) 100vw, 387px\" \/><\/a><\/p>\n<p>Unser Vorstand vom F\u00f6rderverein Turnverein 1902 e. V.<\/p>\n<p>______________________________________________________________<\/p>\n<p><a href=\"http:\/\/computerservicevetter.de\/verein\/wp-content\/uploads\/2018\/09\/3.png\"><img loading=\"lazy\" decoding=\"async\" class=\"alignnone wp-image-1533\" src=\"http:\/\/computerservicevetter.de\/verein\/wp-content\/uploads\/2018\/09\/3-300x225.png\" alt=\"\" width=\"640\" height=\"480\" srcset=\"https:\/\/computerservicevetter.de\/verein\/wp-content\/uploads\/2018\/09\/3-300x225.png 300w, https:\/\/computerservicevetter.de\/verein\/wp-content\/uploads\/2018\/09\/3-768x576.png 768w, https:\/\/computerservicevetter.de\/verein\/wp-content\/uploads\/2018\/09\/3.png 800w\" sizes=\"auto, (max-width: 640px) 100vw, 640px\" \/><\/a><\/p>\n<p><a href=\"http:\/\/computerservicevetter.de\/verein\/wp-content\/uploads\/2018\/08\/2.png\"><img loading=\"lazy\" decoding=\"async\" class=\"alignnone wp-image-1520\" src=\"http:\/\/computerservicevetter.de\/verein\/wp-content\/uploads\/2018\/08\/2-300x149.png\" alt=\"\" width=\"647\" height=\"322\" srcset=\"https:\/\/computerservicevetter.de\/verein\/wp-content\/uploads\/2018\/08\/2-300x149.png 300w, https:\/\/computerservicevetter.de\/verein\/wp-content\/uploads\/2018\/08\/2-768x382.png 768w, https:\/\/computerservicevetter.de\/verein\/wp-content\/uploads\/2018\/08\/2.png 926w\" sizes=\"auto, (max-width: 647px) 100vw, 647px\" \/><\/a><\/p>\n<p>Flei\u00dfige Helfer des TV M\u00fcnster und des F\u00f6rderverein TV haben damit begonnen das Gel\u00e4nde hinter der Mehrzweckhalle instand zu setzen. Hierzu wurden die alten Verbundsteine der Gehwege aus dem Ortskern wiederverwendet da diese Fl\u00e4chen im letzten Jahr neu gestaltet wurden. Der vordere Teil des Au\u00dfengel\u00e4ndes soll noch in diesem Jahr, im Rahmen der Dorferneuerung, \u00fcber die Gemeinde Selters fertiggestellt werden.<\/p>\n<p>______________________________________________________________<\/p>\n<p><a href=\"http:\/\/computerservicevetter.de\/verein\/wp-content\/uploads\/2015\/02\/cid_part5_02070509_08080408@freenet.png\"><img loading=\"lazy\" decoding=\"async\" class=\"size-medium wp-image-1182 alignleft\" src=\"http:\/\/computerservicevetter.de\/verein\/wp-content\/uploads\/2015\/02\/cid_part5_02070509_08080408@freenet-300x199.png\" alt=\"\" width=\"300\" height=\"199\" srcset=\"https:\/\/computerservicevetter.de\/verein\/wp-content\/uploads\/2015\/02\/cid_part5_02070509_08080408@freenet-300x199.png 300w, https:\/\/computerservicevetter.de\/verein\/wp-content\/uploads\/2015\/02\/cid_part5_02070509_08080408@freenet-1024x680.png 1024w, https:\/\/computerservicevetter.de\/verein\/wp-content\/uploads\/2015\/02\/cid_part5_02070509_08080408@freenet.png 1204w\" sizes=\"auto, (max-width: 300px) 100vw, 300px\" \/><\/a>Willkommen auf der Internetseite des&nbsp;F\u00f6rderverein Turnverein M\u00fcnster 1902 e.V. in Selters-M\u00fcnster.<\/p>\n<p>Hier k\u00f6nnen Sie alle Informationen rund ums Vereinswesen lesen.<\/p>\n<p>Am 18.01.2013 wurde der F\u00f6rderverein gegr\u00fcndet um zielstrebig f\u00fcr den Erhalt der Halle zu k\u00e4mpfen. Am 19.12.2015 wurde die Halle wieder er\u00f6ffnet und befindet sich nun wieder im Betrieb.<\/p>\n<p>&nbsp;<\/p>\n<p>&nbsp;<\/p>\n","protected":false},"excerpt":{"rendered":"<p>Einladung zur Jahreshauptversammlung F\u00f6rderverein Turnverein M\u00fcnster 1902 e.V. Freitag, 25. April 2025 &#8211; Ort: Mehrzweckhalle M\u00fcnster &#8211; Beginn: 19:00 Uhr<\/p>\n","protected":false},"author":2,"featured_media":0,"parent":0,"menu_order":0,"comment_status":"closed","ping_status":"closed","template":"","meta":{"colormag_page_container_layout":"default_layout","colormag_page_sidebar_layout":"default_layout","ngg_post_thumbnail":0,"footnotes":""},"class_list":["post-291","page","type-page","status-publish","hentry"],"_links":{"self":[{"href":"https:\/\/mzh-muenster.de\/index.php?rest_route=\/wp\/v2\/pages\/291","targetHints":{"allow":["GET"]}}],"collection":[{"href":"https:\/\/mzh-muenster.de\/index.php?rest_route=\/wp\/v2\/pages"}],"about":[{"href":"https:\/\/mzh-muenster.de\/index.php?rest_route=\/wp\/v2\/types\/page"}],"author":[{"embeddable":true,"href":"https:\/\/mzh-muenster.de\/index.php?rest_route=\/wp\/v2\/users\/2"}],"replies":[{"embeddable":true,"href":"https:\/\/mzh-muenster.de\/index.php?rest_route=%2Fwp%2Fv2%2Fcomments&post=291"}],"version-history":[{"count":56,"href":"https:\/\/mzh-muenster.de\/index.php?rest_route=\/wp\/v2\/pages\/291\/revisions"}],"predecessor-version":[{"id":2114,"href":"https:\/\/mzh-muenster.de\/index.php?rest_route=\/wp\/v2\/pages\/291\/revisions\/2114"}],"wp:attachment":[{"href":"https:\/\/mzh-muenster.de\/index.php?rest_route=%2Fwp%2Fv2%2Fmedia&parent=291"}],"curies":[{"name":"wp","href":"https:\/\/api.w.org\/{rel}","templated":true}]}}